{"id":164,"date":"2014-05-28T11:43:47","date_gmt":"2014-05-28T11:43:47","guid":{"rendered":"http:\/\/www.parqueempresarialventorrodelcano.com\/pevdc\/?page_id=164"},"modified":"2019-04-16T07:49:59","modified_gmt":"2019-04-16T07:49:59","slug":"tablon-2","status":"publish","type":"page","link":"https:\/\/www.parqueempresarialventorrodelcano.com\/pevdc\/tablon-2\/","title":{"rendered":"Tabl\u00f3n"},"content":{"rendered":"<h2 style=\"text-align: center;\">Si perteneces al parque empresarial y quieres anunciarte env\u00eda un mail a trav\u00e9s de la p\u00e1gina de contacto.<\/h2>\n<p style=\"text-align: center;\"><span style=\"text-decoration: underline;\">&nbsp;<\/span><\/p>\n<h2 style=\"text-align: center;\"><span style=\"color: #333333;\">&nbsp;<\/span><\/h2>\n<p style=\"text-align: center;\"><span style=\"text-decoration: underline;\">&nbsp;_______________________________________<\/span><\/p>\n<p style=\"text-align: center;\"><a href=\"https:\/\/masterfotografos.com\/\"><img loading=\"lazy\" decoding=\"async\" class=\"aligncenter wp-image-58 size-full\" style=\"border: 0px none;\" src=\"https:\/\/www.parqueempresarialventorrodelcano.com\/pevdc\/wp-content\/uploads\/2014\/03\/Master-Fotografos-300x193.jpg\" alt=\"\" width=\"300\" height=\"193\"><\/a><\/p>\n<p style=\"text-align: justify;\">Somos un equipo de fot\u00f3grafos y c\u00e1maras&nbsp;de v\u00eddeo con gran experiencia en el reportaje social. Contamos con un equipo de profesionales con una magn\u00edfica formaci\u00f3n y los mejores medios t\u00e9cnicos.<\/p>\n<p style=\"text-align: justify;\">Nuestro \u00e9xito es fruto de nuestra filosof\u00eda: el mejor equipo humano, complicidad con nuestras parejas y por supuesto el mejor producto al mejor precio.<\/p>\n<p style=\"text-align: center;\"><span style=\"text-decoration: underline;\">&nbsp;_______________________________________ <\/span><\/p>\n<p><a href=\"http:\/\/www.fbceuroconsulting.com\"><img loading=\"lazy\" decoding=\"async\" class=\"aligncenter\" src=\"https:\/\/www.parqueempresarialventorrodelcano.com\/pevdc\/wp-content\/uploads\/2014\/05\/fbcLogo-300x111.jpg\" alt=\"fbcLogo\" width=\"300\" height=\"111\"><\/a><\/p>\n<p style=\"text-align: center;\"><a href=\"http:\/\/www.fbceuroconsulting.com\/\" target=\"_blank\" rel=\"noopener noreferrer\">www.fbceuroconsulting.com<\/a><\/p>\n<p style=\"text-align: justify;\"><a href=\"http:\/\/www.fbceuroconsulting.com\/\" target=\"_blank\" rel=\"noopener noreferrer\">FBC<\/a> EUROCONSULTING<b>&nbsp;<\/b>es una firma de asesoramiento fiscal, contable, laboral, jur\u00eddico, econ\u00f3mico y de previsi\u00f3n, con<b>&nbsp;experiencia acumulada de m\u00e1s de 30 a\u00f1os<\/b>, que le ofrece un&nbsp;<b>asesoramiento integral<\/b>&nbsp;gracias a su especializaci\u00f3n en las diferentes \u00e1reas y aspectos que le afectan a usted como Empresa.&nbsp;<b>FBC EUROCONSULTING&nbsp;<\/b>le ofrece todos los servicios relacionados con la Ley Org\u00e1nica 15\/1999, de 13 de diciembre, de Protecci\u00f3n de Datos de Car\u00e1cter Personal (<b>LOPD<\/b>) asegurando la completa profesionalidad, atenci\u00f3n permanente y adecuaci\u00f3n a su caso.<\/p>\n<p style=\"text-align: center;\">________________________________________<\/p>\n<p style=\"text-align: center;\"><a href=\"https:\/\/www.starplus.es\"><img loading=\"lazy\" decoding=\"async\" class=\"aligncenter size-medium wp-image-236\" src=\"https:\/\/www.parqueempresarialventorrodelcano.com\/pevdc\/wp-content\/uploads\/2014\/05\/starPLUS2-300x124.jpg\" alt=\"starPLUS\" width=\"300\" height=\"124\" srcset=\"https:\/\/www.parqueempresarialventorrodelcano.com\/pevdc\/wp-content\/uploads\/2014\/05\/starPLUS2-300x124.jpg 300w, https:\/\/www.parqueempresarialventorrodelcano.com\/pevdc\/wp-content\/uploads\/2014\/05\/starPLUS2-1024x424.jpg 1024w, https:\/\/www.parqueempresarialventorrodelcano.com\/pevdc\/wp-content\/uploads\/2014\/05\/starPLUS2-500x207.jpg 500w, https:\/\/www.parqueempresarialventorrodelcano.com\/pevdc\/wp-content\/uploads\/2014\/05\/starPLUS2.jpg 1200w\" sizes=\"auto, (max-width: 300px) 100vw, 300px\" \/><\/a><\/p>\n<p style=\"text-align: justify;\">Venta de material de oficina y escolar, art\u00edculos de inform\u00e1tica y mobiliario, fabricaci\u00f3n de sellos de caucho<\/p>\n<p style=\"text-align: center;\"><b><span style=\"color: #1b8be0;\"><a href=\"https:\/\/www.starplus.es\">www.starplus.es<\/a><\/span><\/b><\/p>\n<p style=\"text-align: center;\">________________________________________<\/p>\n<p style=\"text-align: center;\"><a href=\"http:\/\/www.fullteamnetworks.com\"><img loading=\"lazy\" decoding=\"async\" class=\"alignnone wp-image-187\" style=\"width: 299px;\" src=\"https:\/\/www.parqueempresarialventorrodelcano.com\/pevdc\/wp-content\/uploads\/2014\/03\/net-works.png\" alt=\"net works\" width=\"262\" height=\"111\"><\/a><\/p>\n<div style=\"text-align: justify;\"><!--StartFragment-->Fullteam Networks es un Especialista Global de Ventas, Marketing y Networking que representa una colecci\u00f3n de DMC&#8217;s de lujo, hoteles selectos y medios especializados, todo ello enfocado en el segmento MICE y cualesquiera otros productos exclusivos, lugares o servicios para el cliente m\u00e1s exigente. Nos convertimos en una extensi\u00f3n de su Equipo de Ventas y Marketing con el objetivo de realizar d\u00eda a d\u00eda las actividades de ventas y eventos de &#8216;networking&#8217; mejorando la productividad de nuestros clientes.<\/div>\n<p style=\"text-align: center;\"><a href=\"http:\/\/www.fullteamnetworks.com\/\" target=\"_blank\" rel=\"noopener noreferrer\">www.fullteamnetworks.com<\/a><\/p>\n<p style=\"text-align: center;\">________________________________________<\/p>\n<div><a href=\"https:\/\/davidtemprano.blogspot.com\"><img loading=\"lazy\" decoding=\"async\" class=\"aligncenter size-medium wp-image-237\" src=\"https:\/\/www.parqueempresarialventorrodelcano.com\/pevdc\/wp-content\/uploads\/2014\/05\/Decorados-de-Cine-y-Television-300x175.jpg\" alt=\"David Temprano\" width=\"300\" height=\"175\" srcset=\"https:\/\/www.parqueempresarialventorrodelcano.com\/pevdc\/wp-content\/uploads\/2014\/05\/Decorados-de-Cine-y-Television-300x175.jpg 300w, https:\/\/www.parqueempresarialventorrodelcano.com\/pevdc\/wp-content\/uploads\/2014\/05\/Decorados-de-Cine-y-Television-1024x598.jpg 1024w, https:\/\/www.parqueempresarialventorrodelcano.com\/pevdc\/wp-content\/uploads\/2014\/05\/Decorados-de-Cine-y-Television-500x292.jpg 500w, https:\/\/www.parqueempresarialventorrodelcano.com\/pevdc\/wp-content\/uploads\/2014\/05\/Decorados-de-Cine-y-Television.jpg 1597w\" sizes=\"auto, (max-width: 300px) 100vw, 300px\" \/><\/a><\/div>\n<div>Director art\u00edstico de cine y televisi\u00f3n,&nbsp;&nbsp;&nbsp;responsable del dise\u00f1o de los decorados&nbsp;de&nbsp;&nbsp;&nbsp; \u00abLa Voz\u00bb, \u00abToledo\u00bb, \u00ab\u00c1guila Roja\u00bb, \u00abAlma Sin Due\u00f1o\u00bb y \u00abAl Filo de la Ley\u00bb, entre otros. 645165865. <a href=\"mailto:davidtemprano@gmail.com\">davidtemprano@gmail.com<\/a><\/div>\n<div>&nbsp;&nbsp;&nbsp;&nbsp;&nbsp;&nbsp;&nbsp;&nbsp;&nbsp;&nbsp;&nbsp;&nbsp;&nbsp;&nbsp;&nbsp;&nbsp;&nbsp;&nbsp;&nbsp;&nbsp;&nbsp;&nbsp;&nbsp;&nbsp;&nbsp;&nbsp;&nbsp;&nbsp;&nbsp;&nbsp;&nbsp;&nbsp;&nbsp;&nbsp;&nbsp;&nbsp;&nbsp;&nbsp;&nbsp;&nbsp;&nbsp;&nbsp;&nbsp;&nbsp;&nbsp;&nbsp;&nbsp;&nbsp; <a href=\"https:\/\/davidtemprano.blogspot.com\/\" target=\"_blank\" rel=\"noopener noreferrer\">www.davidtemprano.blogspot.com<\/a><\/div>\n<p style=\"text-align: center;\">________________________________________<\/p>\n<div><a href=\"https:\/\/www.tecnopatent.com\"><img loading=\"lazy\" decoding=\"async\" class=\"aligncenter size-full wp-image-245\" src=\"https:\/\/www.parqueempresarialventorrodelcano.com\/pevdc\/wp-content\/uploads\/2014\/05\/tecnopatent.jpg\" alt=\"TECNOPATENT\" width=\"272\" height=\"85\"><\/a><\/div>\n<div>\n<p style=\"text-align: justify;\">Tecnopatent&nbsp;es una firma especializada en el registro de <strong>Patentes y&nbsp;Marcas&nbsp;<\/strong><strong>formada por abogados y profesionales<\/strong> con una dilatada experiencia en el sector.Ofrecemos un servicio profesional, \u00e1gil y econ\u00f3mico.<\/p>\n<p style=\"text-align: justify;\">Nuestro tel\u00e9fono de contacto es el &nbsp;916 797 789 o si lo prefiere nos puede visitar en &nbsp;www.tecnopatent.com<\/p>\n<p align=\"center\"><a href=\"https:\/\/www.tecnopatent.com\/\" target=\"_blank\" rel=\"noopener noreferrer\">www.tecnopatent.com<\/a><\/p>\n<p style=\"text-align: center;\">________________________________________<\/p>\n<div style=\"text-align: center;\">&nbsp;<\/div>\n<div style=\"text-align: center;\"><a href=\"http:\/\/www.fergramar.com\"><img loading=\"lazy\" decoding=\"async\" class=\"aligncenter size-medium wp-image-224\" src=\"https:\/\/www.parqueempresarialventorrodelcano.com\/pevdc\/wp-content\/uploads\/2014\/05\/image0011-300x157.jpg\" alt=\"FERGRAMAR\" width=\"300\" height=\"157\" srcset=\"https:\/\/www.parqueempresarialventorrodelcano.com\/pevdc\/wp-content\/uploads\/2014\/05\/image0011-300x157.jpg 300w, https:\/\/www.parqueempresarialventorrodelcano.com\/pevdc\/wp-content\/uploads\/2014\/05\/image0011-1024x537.jpg 1024w, https:\/\/www.parqueempresarialventorrodelcano.com\/pevdc\/wp-content\/uploads\/2014\/05\/image0011-500x262.jpg 500w, https:\/\/www.parqueempresarialventorrodelcano.com\/pevdc\/wp-content\/uploads\/2014\/05\/image0011.jpg 1218w\" sizes=\"auto, (max-width: 300px) 100vw, 300px\" \/><\/a><\/div>\n<div style=\"text-align: center;\">&nbsp;<\/div>\n<div style=\"text-align: center;\">\n<p style=\"text-align: justify;\">FERGRAMAR inicia su andadura en Madrid en 2003 como un proyecto empresarial orientado a la ejecuci\u00f3n de obra privada, como empresa especializada en el ramo de la piedra natural, para proyectos de vivienda residencial, unifamiliar, interiorismo y decoraci\u00f3n.<\/p>\n<p style=\"text-align: justify;\">Partimos de los conocimientos, calidad, seriedad y la experiencia que conlleva nacer de otra empresa familiar que llevaba en el sector m\u00e1s de 40 a\u00f1os.<\/p>\n<p align=\"center\"><a href=\"http:\/\/www.fergramar.com\/\" target=\"_blank\" rel=\"noopener noreferrer\">www.fergramar.com<\/a><\/p>\n<p align=\"center\">________________________________________<\/p>\n<p align=\"center\"><a href=\"http:\/\/www.setelsa.net\/\"><img loading=\"lazy\" decoding=\"async\" class=\"alignnone size-medium wp-image-275\" src=\"https:\/\/www.parqueempresarialventorrodelcano.com\/pevdc\/wp-content\/uploads\/2014\/05\/Setelsa-Logo-Corporativo1-300x231.jpg\" alt=\"Setelsa%20Logo%20Corporativo[1]\" width=\"300\" height=\"231\" srcset=\"https:\/\/www.parqueempresarialventorrodelcano.com\/pevdc\/wp-content\/uploads\/2014\/05\/Setelsa-Logo-Corporativo1-300x231.jpg 300w, https:\/\/www.parqueempresarialventorrodelcano.com\/pevdc\/wp-content\/uploads\/2014\/05\/Setelsa-Logo-Corporativo1-1024x791.jpg 1024w, https:\/\/www.parqueempresarialventorrodelcano.com\/pevdc\/wp-content\/uploads\/2014\/05\/Setelsa-Logo-Corporativo1-388x300.jpg 388w, https:\/\/www.parqueempresarialventorrodelcano.com\/pevdc\/wp-content\/uploads\/2014\/05\/Setelsa-Logo-Corporativo1.jpg 1100w\" sizes=\"auto, (max-width: 300px) 100vw, 300px\" \/><\/a><\/p>\n<p style=\"text-align: justify;\" align=\"center\">SETELSA es una compa\u00f1\u00eda de referencia en el sector de la Seguridad y la Gesti\u00f3n de Eficiencia Energ\u00e9tica as\u00ed como en el sector Industrial y de Transporte. Desde el punto de vista de la Seguridad disponemos de capacidad para la elaboraci\u00f3n de productos propios, tanto en el \u00e1mbito Hardware como Software, posicion\u00e1ndonos de este modo como referencia dentro del sector.<\/p>\n<p><a href=\"http:\/\/www.setelsa.net\/\" target=\"_blank\" rel=\"noopener noreferrer\">www.setelsa.net<\/a><\/p>\n<p>________________________________________<\/p>\n<p><a href=\"http:\/\/www.konagua.com\/web\/\"><img loading=\"lazy\" decoding=\"async\" class=\"alignnone size-medium wp-image-283\" src=\"https:\/\/www.parqueempresarialventorrodelcano.com\/pevdc\/wp-content\/uploads\/2014\/05\/konagua-CERTIFICACION1-300x127.jpg\" alt=\"konagua%20CERTIFICACION[1]\" width=\"300\" height=\"127\" srcset=\"https:\/\/www.parqueempresarialventorrodelcano.com\/pevdc\/wp-content\/uploads\/2014\/05\/konagua-CERTIFICACION1-300x127.jpg 300w, https:\/\/www.parqueempresarialventorrodelcano.com\/pevdc\/wp-content\/uploads\/2014\/05\/konagua-CERTIFICACION1-1024x435.jpg 1024w, https:\/\/www.parqueempresarialventorrodelcano.com\/pevdc\/wp-content\/uploads\/2014\/05\/konagua-CERTIFICACION1-500x212.jpg 500w, https:\/\/www.parqueempresarialventorrodelcano.com\/pevdc\/wp-content\/uploads\/2014\/05\/konagua-CERTIFICACION1.jpg 1273w\" sizes=\"auto, (max-width: 300px) 100vw, 300px\" \/><\/a><\/p>\n<p style=\"text-align: justify;\">El compromiso de KONAGUA, TRATAMIENTO &amp; DISE\u00d1O, S. L. U. con el cliente, nos ha permitido redactar unos procedimientos generales y espec\u00edficos que garantizan la calidad de nuestros servicios.<\/p>\n<p><a href=\"http:\/\/www.konagua.com\/web\/\" target=\"_blank\" rel=\"noopener noreferrer\">www.konagua.com<\/a><\/p>\n<p>&nbsp;<\/p>\n<p>&nbsp;<\/p>\n<p>&nbsp;<\/p>\n<\/div>\n<\/div>\n\n\n<p><\/p>\n","protected":false},"excerpt":{"rendered":"<p>Si perteneces al parque empresarial y quieres anunciarte env\u00eda un mail a trav\u00e9s de la p\u00e1gina de contacto. &nbsp; &nbsp; &nbsp;_______________________________________ Somos un equipo de fot\u00f3grafos y c\u00e1maras&nbsp;de v\u00eddeo con gran experiencia en el reportaje social. Contamos con un equipo &hellip; <a href=\"https:\/\/www.parqueempresarialventorrodelcano.com\/pevdc\/tablon-2\/\">Sigue leyendo <span class=\"meta-nav\">&rarr;<\/span><\/a><\/p>\n","protected":false},"author":3,"featured_media":0,"parent":0,"menu_order":0,"comment_status":"closed","ping_status":"closed","template":"","meta":{"footnotes":""},"class_list":["post-164","page","type-page","status-publish","hentry"],"_links":{"self":[{"href":"https:\/\/www.parqueempresarialventorrodelcano.com\/pevdc\/wp-json\/wp\/v2\/pages\/164","targetHints":{"allow":["GET"]}}],"collection":[{"href":"https:\/\/www.parqueempresarialventorrodelcano.com\/pevdc\/wp-json\/wp\/v2\/pages"}],"about":[{"href":"https:\/\/www.parqueempresarialventorrodelcano.com\/pevdc\/wp-json\/wp\/v2\/types\/page"}],"author":[{"embeddable":true,"href":"https:\/\/www.parqueempresarialventorrodelcano.com\/pevdc\/wp-json\/wp\/v2\/users\/3"}],"replies":[{"embeddable":true,"href":"https:\/\/www.parqueempresarialventorrodelcano.com\/pevdc\/wp-json\/wp\/v2\/comments?post=164"}],"version-history":[{"count":37,"href":"https:\/\/www.parqueempresarialventorrodelcano.com\/pevdc\/wp-json\/wp\/v2\/pages\/164\/revisions"}],"predecessor-version":[{"id":417,"href":"https:\/\/www.parqueempresarialventorrodelcano.com\/pevdc\/wp-json\/wp\/v2\/pages\/164\/revisions\/417"}],"wp:attachment":[{"href":"https:\/\/www.parqueempresarialventorrodelcano.com\/pevdc\/wp-json\/wp\/v2\/media?parent=164"}],"curies":[{"name":"wp","href":"https:\/\/api.w.org\/{rel}","templated":true}]}}