{"id":9,"date":"2014-03-15T08:57:04","date_gmt":"2014-03-15T08:57:04","guid":{"rendered":"http:\/\/www.parqueempresarialventorrodelcano.com\/pevdc\/?page_id=9"},"modified":"2016-06-02T14:22:00","modified_gmt":"2016-06-02T14:22:00","slug":"inicio","status":"publish","type":"page","link":"https:\/\/www.parqueempresarialventorrodelcano.com\/pevdc\/","title":{"rendered":"Inicio"},"content":{"rendered":"<p style=\"text-align: center;\"><img loading=\"lazy\" decoding=\"async\" class=\"aligncenter size-medium wp-image-112\" style=\"border: 0px;\" src=\"http:\/\/www.parqueempresarialventorrodelcano.com\/pevdc\/wp-content\/uploads\/2014\/03\/LOGO-ENTIDAD-URBANISTICA-300x200.jpg\" alt=\"LOGO ENTIDAD URBANISTICA\" width=\"300\" height=\"200\" srcset=\"https:\/\/www.parqueempresarialventorrodelcano.com\/pevdc\/wp-content\/uploads\/2014\/03\/LOGO-ENTIDAD-URBANISTICA-300x200.jpg 300w, https:\/\/www.parqueempresarialventorrodelcano.com\/pevdc\/wp-content\/uploads\/2014\/03\/LOGO-ENTIDAD-URBANISTICA-449x300.jpg 449w, https:\/\/www.parqueempresarialventorrodelcano.com\/pevdc\/wp-content\/uploads\/2014\/03\/LOGO-ENTIDAD-URBANISTICA.jpg 886w\" sizes=\"auto, (max-width: 300px) 100vw, 300px\" \/><\/p>\n<p>\u00a0Estimados Copropietarios y visitantes:<\/p>\n<p>Sirvan estas l\u00edneas para daros la bienvenida a la Web Oficial del Parque Empresarial de Ventorro del Cano, donde pretendemos manteneros al d\u00eda en la publicaci\u00f3n de las actas del\u00a0Consejo Rector y otras informaciones de inter\u00e9s general.<\/p>\n<p>A vosotros que trabaj\u00e1is aqu\u00ed, queremos invitaros a navegar por vuestra p\u00e1gina y a utilizar el tabl\u00f3n de publicaciones que hemos habilitado, para ayudaros a anunciar vuestras Empresas.<\/p>\n<p>Al resto de visitantes, queremos invitaros f\u00edsicamente a nuestro Parque Empresarial, del cual nos sentimos muy orgullosos.<\/p>\n<p>A pocos minutos de Madrid, con una excelente ubicaci\u00f3n, con Metro, y una gran variedad de edificaciones, seguro que encontrar\u00e1s aqu\u00ed el \u00a0lugar perfecto para emprender tu negocio, junto con el resto de profesionales que ya han hecho de \u00e9ste, su lugar de trabajo.<\/p>\n<p>Esperando que \u00e9sta nueva Web sea de vuestro agrado, os saludo,<\/p>\n<p>Atentamente,<\/p>\n<p>&nbsp;<\/p>\n<p align=\"right\"><strong>\u00a0<\/strong><\/p>\n<p align=\"right\">Entidad Urban\u00edstica UE1-APD<\/p>\n<p align=\"right\">GERENCIA\u00a0\u00a0JTC administraciones \u00a0Tel\u00e9fono 91 632 04 60<\/p>\n<p>&nbsp;<\/p>\n<p>&nbsp;<\/p>\n","protected":false},"excerpt":{"rendered":"<p>\u00a0Estimados Copropietarios y visitantes: Sirvan estas l\u00edneas para daros la bienvenida a la Web Oficial del Parque Empresarial de Ventorro del Cano, donde pretendemos manteneros al d\u00eda en la publicaci\u00f3n de las actas del\u00a0Consejo Rector y otras informaciones de inter\u00e9s &hellip; <a href=\"https:\/\/www.parqueempresarialventorrodelcano.com\/pevdc\/\">Sigue leyendo <span class=\"meta-nav\">&rarr;<\/span><\/a><\/p>\n","protected":false},"author":1,"featured_media":0,"parent":0,"menu_order":0,"comment_status":"closed","ping_status":"closed","template":"","meta":{"footnotes":""},"class_list":["post-9","page","type-page","status-publish","hentry"],"_links":{"self":[{"href":"https:\/\/www.parqueempresarialventorrodelcano.com\/pevdc\/wp-json\/wp\/v2\/pages\/9","targetHints":{"allow":["GET"]}}],"collection":[{"href":"https:\/\/www.parqueempresarialventorrodelcano.com\/pevdc\/wp-json\/wp\/v2\/pages"}],"about":[{"href":"https:\/\/www.parqueempresarialventorrodelcano.com\/pevdc\/wp-json\/wp\/v2\/types\/page"}],"author":[{"embeddable":true,"href":"https:\/\/www.parqueempresarialventorrodelcano.com\/pevdc\/wp-json\/wp\/v2\/users\/1"}],"replies":[{"embeddable":true,"href":"https:\/\/www.parqueempresarialventorrodelcano.com\/pevdc\/wp-json\/wp\/v2\/comments?post=9"}],"version-history":[{"count":14,"href":"https:\/\/www.parqueempresarialventorrodelcano.com\/pevdc\/wp-json\/wp\/v2\/pages\/9\/revisions"}],"predecessor-version":[{"id":359,"href":"https:\/\/www.parqueempresarialventorrodelcano.com\/pevdc\/wp-json\/wp\/v2\/pages\/9\/revisions\/359"}],"wp:attachment":[{"href":"https:\/\/www.parqueempresarialventorrodelcano.com\/pevdc\/wp-json\/wp\/v2\/media?parent=9"}],"curies":[{"name":"wp","href":"https:\/\/api.w.org\/{rel}","templated":true}]}}